{"version":"1.0","provider_name":"Traitement et valorisation des d\u00e9chets \u00e0 Rouen: Velenseine","provider_url":"https:\/\/valenseine.com","author_name":"Webmaster76","author_url":"https:\/\/valenseine.com","title":"Track D\u00e9chets, plateforme de tra\u00e7abilit\u00e9 r\u00e9glementaire des d\u00e9chets\u00a0! - Traitement et valorisation des d\u00e9chets \u00e0 Rouen: Velenseine","type":"rich","width":600,"height":338,"html":"<blockquote class=\"wp-embedded-content\" data-secret=\"YF880B87Qo\"><a href=\"https:\/\/valenseine.com\/index.php\/2019\/07\/03\/track-dechets\/\">Track D\u00e9chets, plateforme de tra\u00e7abilit\u00e9 r\u00e9glementaire des d\u00e9chets\u00a0!<\/a><\/blockquote><iframe sandbox=\"allow-scripts\" security=\"restricted\" src=\"https:\/\/valenseine.com\/index.php\/2019\/07\/03\/track-dechets\/embed\/#?secret=YF880B87Qo\" width=\"600\" height=\"338\" title=\"\u00ab\u00a0Track D\u00e9chets, plateforme de tra\u00e7abilit\u00e9 r\u00e9glementaire des d\u00e9chets\u00a0!\u00a0\u00bb &#8212; Traitement et valorisation des d\u00e9chets \u00e0 Rouen: Velenseine\" data-secret=\"YF880B87Qo\" frameborder=\"0\" marginwidth=\"0\" marginheight=\"0\" scrolling=\"no\" class=\"wp-embedded-content\"><\/iframe><script type=\"text\/javascript\">\n\/* <![CDATA[ *\/\n\/*! This file is auto-generated *\/\n!function(d,l){\"use strict\";l.querySelector&&d.addEventListener&&\"undefined\"!=typeof URL&&(d.wp=d.wp||{},d.wp.receiveEmbedMessage||(d.wp.receiveEmbedMessage=function(e){var t=e.data;if((t||t.secret||t.message||t.value)&&!\/[^a-zA-Z0-9]\/.test(t.secret)){for(var s,r,n,a=l.querySelectorAll('iframe[data-secret=\"'+t.secret+'\"]'),o=l.querySelectorAll('blockquote[data-secret=\"'+t.secret+'\"]'),c=new RegExp(\"^https?:$\",\"i\"),i=0;i<o.length;i++)o[i].style.display=\"none\";for(i=0;i<a.length;i++)s=a[i],e.source===s.contentWindow&&(s.removeAttribute(\"style\"),\"height\"===t.message?(1e3<(r=parseInt(t.value,10))?r=1e3:~~r<200&&(r=200),s.height=r):\"link\"===t.message&&(r=new URL(s.getAttribute(\"src\")),n=new URL(t.value),c.test(n.protocol))&&n.host===r.host&&l.activeElement===s&&(d.top.location.href=t.value))}},d.addEventListener(\"message\",d.wp.receiveEmbedMessage,!1),l.addEventListener(\"DOMContentLoaded\",function(){for(var e,t,s=l.querySelectorAll(\"iframe.wp-embedded-content\"),r=0;r<s.length;r++)(t=(e=s[r]).getAttribute(\"data-secret\"))||(t=Math.random().toString(36).substring(2,12),e.src+=\"#?secret=\"+t,e.setAttribute(\"data-secret\",t)),e.contentWindow.postMessage({message:\"ready\",secret:t},\"*\")},!1)))}(window,document);\n\/\/# sourceURL=https:\/\/valenseine.com\/wp-includes\/js\/wp-embed.min.js\n\/* ]]> *\/\n<\/script>\n","description":"Track D\u00e9chets, plateforme de tra\u00e7abilit\u00e9 r\u00e9glementaire des d\u00e9chets&nbsp;! Quelle r\u00e9glementation pour la plateforme Track D\u00e9chets&nbsp;? Depuis le 1er Janvier 2022, le l\u00e9gislateur, dans le cadre de la transition \u00e9cologique, a transform\u00e9 les proc\u00e9d\u00e9s via le d\u00e9cret n\u00b02021-321 du 25 mars 2021 qui pr\u00e9cise que l&rsquo;ensemble des acteurs, du producteur \u00e0 l&rsquo;entreprise de collecte, en passant [&hellip;]"}